{"id":310,"date":"2018-02-09T09:32:41","date_gmt":"2018-02-09T09:32:41","guid":{"rendered":"http:\/\/bridge154.qodeinteractive.com\/?page_id=310"},"modified":"2021-10-07T17:04:37","modified_gmt":"2021-10-07T20:04:37","slug":"blog","status":"publish","type":"page","link":"https:\/\/alubra.com.br\/site\/blog\/","title":{"rendered":"Blog"},"content":{"rendered":"<p>[vc_row css_animation=&#8221;&#8221; row_type=&#8221;row&#8221; use_row_as_full_screen_section=&#8221;no&#8221; type=&#8221;grid&#8221; angled_section=&#8221;no&#8221; text_align=&#8221;left&#8221; background_image_as_pattern=&#8221;without_pattern&#8221; z_index=&#8221;&#8221;][vc_column]<div class='q_masonry_blog'><div class=\"q_masonry_blog_grid_sizer\"><\/div><div class=\"q_masonry_blog_grid_gutter\"><\/div><article  class='post-727 post type-post status-publish format-standard has-post-thumbnail hentry category-sem-categoria '><div class=\"q_masonry_blog_post_image\"><a itemprop=\"url\" href=\"https:\/\/alubra.com.br\/site\/entenda-mais-sobre-isolamento-acustico-e-qualidade-de-vida-nos-ambientes-residenciais-e-corporativos\/\" target=\"_self\"><img itemprop=\"image\" src=\"https:\/\/alubra.com.br\/site\/wp-content\/uploads\/2026\/02\/VAMOS-TENTAR.png\" \/><\/a><\/div><div class=\"q_masonry_blog_post_text\"><h5 itemprop=\"name\" class=\"q_masonry_blog_title entry_title\"><a itemprop=\"url\" href=\"https:\/\/alubra.com.br\/site\/entenda-mais-sobre-isolamento-acustico-e-qualidade-de-vida-nos-ambientes-residenciais-e-corporativos\/\">Isolamento ac\u00fastico, entenda&#8230;<\/a><\/h5><p itemprop=\"description\" class=\"q_masonry_blog_excerpt\">Entenda mais sobre isolamento ac\u00fastico e qualidade de vida nos ambientes residenciais e corporativos O som faz parte da vida. Ele informa, conecta e ...<\/p><div class=\"q_masonry_blog_post_info\"><span itemprop=\"dateCreated\" class=\"time entry_date updated\">16 fevereiro, 2026<meta itemprop=\"interactionCount\" content=\"UserComments: <?php echo get_comments_number(qode_get_page_id()); ?>\"\/><\/span><\/div><\/div><\/article><article  class='post-686 post type-post status-publish format-standard has-post-thumbnail hentry category-sem-categoria tag-alubra-esquadrias-fabrica-de-esquadrias tag-aluminio tag-arquitetura tag-construcao tag-escolha tag-esquadrias-de-aluminio tag-industrias-de-esquadrias tag-linhas-de-aluminio tag-manutencao-de-esquadrias tag-melhores-esquadrias tag-melhores-linhas-de-aluminio-para-janelas tag-perfil-de-aluminio tag-portas-e-janelas-de-aluminio tag-qual-esquadrias-escolher tag-vantagens-do-aluminio '><div class=\"q_masonry_blog_post_image\"><a itemprop=\"url\" href=\"https:\/\/alubra.com.br\/site\/perfil-de-aluminio\/\" target=\"_self\"><img itemprop=\"image\" src=\"https:\/\/alubra.com.br\/site\/wp-content\/uploads\/2022\/06\/aluminio-blog.jpg\" \/><\/a><\/div><div class=\"q_masonry_blog_post_text\"><h5 itemprop=\"name\" class=\"q_masonry_blog_title entry_title\"><a itemprop=\"url\" href=\"https:\/\/alubra.com.br\/site\/perfil-de-aluminio\/\">Perfil de Alum\u00ednio<\/a><\/h5><p itemprop=\"description\" class=\"q_masonry_blog_excerpt\">Mesmo ap\u00f3s optar pelas esquadrias #Alubra de alum\u00ednio para seu projeto, ainda restam algumas escolhas a fazer. Existem diferentes perfis de alum\u00edni...<\/p><div class=\"q_masonry_blog_post_info\"><span itemprop=\"dateCreated\" class=\"time entry_date updated\">01 junho, 2022<meta itemprop=\"interactionCount\" content=\"UserComments: <?php echo get_comments_number(qode_get_page_id()); ?>\"\/><\/span><\/div><\/div><\/article><article  class='post-683 post type-post status-publish format-standard has-post-thumbnail hentry category-sem-categoria tag-alubra tag-alubra-esquadrias tag-arquitetura tag-construcao tag-construcao-civil tag-design tag-esquadrias-de-aluminio tag-esquadrias-de-pvc tag-fechamento tag-garagem tag-portao tag-portao-de-aluminio tag-portao-de-corre tag-portao-de-pvc tag-portao-seccionado tag-portoes-para-garagem tag-privacidade tag-seguranca tag-solucoes tag-tipos-de-portao '><div class=\"q_masonry_blog_post_image\"><a itemprop=\"url\" href=\"https:\/\/alubra.com.br\/site\/portao-seccionado\/\" target=\"_self\"><img itemprop=\"image\" src=\"https:\/\/alubra.com.br\/site\/wp-content\/uploads\/2022\/06\/portao-blog.jpg\" \/><\/a><\/div><div class=\"q_masonry_blog_post_text\"><h5 itemprop=\"name\" class=\"q_masonry_blog_title entry_title\"><a itemprop=\"url\" href=\"https:\/\/alubra.com.br\/site\/portao-seccionado\/\">Port\u00e3o Seccionado<\/a><\/h5><p itemprop=\"description\" class=\"q_masonry_blog_excerpt\">O port\u00e3o seccionado \u00e9 a solu\u00e7\u00e3o mais utilizada para fechamento de garagens nos pa\u00edses europeus, norte americanos e j\u00e1 se tornou tend\u00eancia na ar...<\/p><div class=\"q_masonry_blog_post_info\"><span itemprop=\"dateCreated\" class=\"time entry_date updated\">01 junho, 2022<meta itemprop=\"interactionCount\" content=\"UserComments: <?php echo get_comments_number(qode_get_page_id()); ?>\"\/><\/span><\/div><\/div><\/article><article  class='post-680 post type-post status-publish format-standard has-post-thumbnail hentry category-sem-categoria tag-alubra tag-alubra-esquadrias tag-aluminio tag-arquitetura tag-construcao-civil tag-container tag-esquadrias-de-aluminio tag-esquadrias-de-pvc tag-inovacao tag-interior-design tag-obra tag-pvc tag-sustentabilidade '><div class=\"q_masonry_blog_post_image\"><a itemprop=\"url\" href=\"https:\/\/alubra.com.br\/site\/solucao-container\/\" target=\"_self\"><img itemprop=\"image\" src=\"https:\/\/alubra.com.br\/site\/wp-content\/uploads\/2022\/06\/container-blog.jpg\" \/><\/a><\/div><div class=\"q_masonry_blog_post_text\"><h5 itemprop=\"name\" class=\"q_masonry_blog_title entry_title\"><a itemprop=\"url\" href=\"https:\/\/alubra.com.br\/site\/solucao-container\/\">Solu\u00e7\u00e3o Container<\/a><\/h5><p itemprop=\"description\" class=\"q_masonry_blog_excerpt\">Uma solu\u00e7\u00e3o sustent\u00e1vel que vem impressionando todos com a velocidade para ficar pronta, a casa container \u00e9 uma constru\u00e7\u00e3o modular, com todos os...<\/p><div class=\"q_masonry_blog_post_info\"><span itemprop=\"dateCreated\" class=\"time entry_date updated\">01 junho, 2022<meta itemprop=\"interactionCount\" content=\"UserComments: <?php echo get_comments_number(qode_get_page_id()); ?>\"\/><\/span><\/div><\/div><\/article><article  class='post-676 post type-post status-publish format-standard has-post-thumbnail hentry category-sem-categoria tag-arquitetura tag-construcao tag-construcaocivil tag-esquadrias-de-pvc tag-esquadrias-esquadrias-de-aluminio tag-investimento tag-investimento-imobiliario tag-mercado tag-mercado-imobiliario tag-pvc tag-seguranca tag-valorizacao '><div class=\"q_masonry_blog_post_image\"><a itemprop=\"url\" href=\"https:\/\/alubra.com.br\/site\/investimento\/\" target=\"_self\"><img itemprop=\"image\" src=\"https:\/\/alubra.com.br\/site\/wp-content\/uploads\/2022\/06\/investimento-blog.jpg\" \/><\/a><\/div><div class=\"q_masonry_blog_post_text\"><h5 itemprop=\"name\" class=\"q_masonry_blog_title entry_title\"><a itemprop=\"url\" href=\"https:\/\/alubra.com.br\/site\/investimento\/\">Investimento<\/a><\/h5><p itemprop=\"description\" class=\"q_masonry_blog_excerpt\">Vis\u00e3o Alubra. O mercado imobili\u00e1rio tende a crescer ainda mais neste ano. O setor imobili\u00e1rio foi um dos poucos que tiveram crescimento durante a p...<\/p><div class=\"q_masonry_blog_post_info\"><span itemprop=\"dateCreated\" class=\"time entry_date updated\">01 junho, 2022<meta itemprop=\"interactionCount\" content=\"UserComments: <?php echo get_comments_number(qode_get_page_id()); ?>\"\/><\/span><\/div><\/div><\/article><article  class='post-670 post type-post status-publish format-standard has-post-thumbnail hentry category-sem-categoria tag-alubra tag-aluminio tag-arquitetura tag-arte tag-construcao tag-construcao-civil tag-design-decoracao tag-empreendimentos tag-esquadrias tag-esquadrias-de-aluminio tag-esquadrias-de-pvc tag-evento tag-imoveis tag-moda tag-pelotas-rio-grande-do-sul tag-perfil-de-aluminio tag-perfil-de-pvc tag-portas-e-janelas tag-pvc tag-rio-grande-do-sul tag-vidro-duplo tag-vidros tag-vidros-refletivos '><div class=\"q_masonry_blog_post_image\"><a itemprop=\"url\" href=\"https:\/\/alubra.com.br\/site\/tour-2022-pelotas\/\" target=\"_self\"><img itemprop=\"image\" src=\"https:\/\/alubra.com.br\/site\/wp-content\/uploads\/2022\/02\/pelotas-blog.jpg\" \/><\/a><\/div><div class=\"q_masonry_blog_post_text\"><h5 itemprop=\"name\" class=\"q_masonry_blog_title entry_title\"><a itemprop=\"url\" href=\"https:\/\/alubra.com.br\/site\/tour-2022-pelotas\/\">Tour 2022 &#8211; Pelotas<\/a><\/h5><p itemprop=\"description\" class=\"q_masonry_blog_excerpt\">A Alubra\u00a0teve uma semana incr\u00edvel em Pelotas &#8211; RS. Diversas entrevistas com renomados profissionais para os nossos canais sobre arquitetura, d...<\/p><div class=\"q_masonry_blog_post_info\"><span itemprop=\"dateCreated\" class=\"time entry_date updated\">23 fevereiro, 2022<meta itemprop=\"interactionCount\" content=\"UserComments: <?php echo get_comments_number(qode_get_page_id()); ?>\"\/><\/span><\/div><\/div><\/article><article  class='post-661 post type-post status-publish format-standard has-post-thumbnail hentry category-sem-categoria tag-alubra-esquadrias tag-amazonia tag-arquitetura tag-esquadrias-de-aluminio tag-esquadriasdepvc tag-indigenas tag-lideranca tag-povos-da-floresta tag-preservacao tag-sustentabilidade tag-yawanawa '><div class=\"q_masonry_blog_post_image\"><a itemprop=\"url\" href=\"https:\/\/alubra.com.br\/site\/doc-yawanawa\/\" target=\"_self\"><img itemprop=\"image\" src=\"https:\/\/alubra.com.br\/site\/wp-content\/uploads\/2022\/02\/Alubra-Yawanawa-Veera-blog.jpg\" \/><\/a><\/div><div class=\"q_masonry_blog_post_text\"><h5 itemprop=\"name\" class=\"q_masonry_blog_title entry_title\"><a itemprop=\"url\" href=\"https:\/\/alubra.com.br\/site\/doc-yawanawa\/\">Doc Yawanaw\u00e1<\/a><\/h5><p itemprop=\"description\" class=\"q_masonry_blog_excerpt\">Seguindo nossa campanha Alubra Yawanaw\u00e1, buscando compreender o jeito de morar e receberdos povos origin\u00e1rios do pa\u00eds, realizamos um document\u00e1rio?...<\/p><div class=\"q_masonry_blog_post_info\"><span itemprop=\"dateCreated\" class=\"time entry_date updated\">14 fevereiro, 2022<meta itemprop=\"interactionCount\" content=\"UserComments: <?php echo get_comments_number(qode_get_page_id()); ?>\"\/><\/span><\/div><\/div><\/article><article  class='post-657 post type-post status-publish format-standard has-post-thumbnail hentry category-sem-categoria tag-ahyauasca tag-alubra tag-amazonia tag-arquitetura tag-construcao tag-design-de-interiores tag-esquadrias-de-aluinio tag-esquadrias-de-pvc tag-indigenas tag-indios-do-brasil tag-medicinas-da-floresta tag-musica-yawanawa tag-povo-yawanawa tag-rape tag-yawanawa '><div class=\"q_masonry_blog_post_image\"><a itemprop=\"url\" href=\"https:\/\/alubra.com.br\/site\/filme-yawanawa\/\" target=\"_self\"><img itemprop=\"image\" src=\"https:\/\/alubra.com.br\/site\/wp-content\/uploads\/2022\/02\/veera-blog-1.jpg\" \/><\/a><\/div><div class=\"q_masonry_blog_post_text\"><h5 itemprop=\"name\" class=\"q_masonry_blog_title entry_title\"><a itemprop=\"url\" href=\"https:\/\/alubra.com.br\/site\/filme-yawanawa\/\">Filme Yawanaw\u00e1<\/a><\/h5><p itemprop=\"description\" class=\"q_masonry_blog_excerpt\">Os Yawanaw\u00e1s, termo que significa &#8220;Povo da Queixada&#8221; (yawa: queixada; nawa: povo), Terra \u00cdndigena do Rio Greg\u00f3rio &#8211; Acre, buscam ...<\/p><div class=\"q_masonry_blog_post_info\"><span itemprop=\"dateCreated\" class=\"time entry_date updated\">02 fevereiro, 2022<meta itemprop=\"interactionCount\" content=\"UserComments: <?php echo get_comments_number(qode_get_page_id()); ?>\"\/><\/span><\/div><\/div><\/article><article  class='post-651 post type-post status-publish format-standard has-post-thumbnail hentry category-sem-categoria tag-calor tag-esquadrias-de-aluminio tag-esquadrias-de-pvc tag-protecao tag-seguranca tag-tela-mosqueteira '><div class=\"q_masonry_blog_post_image\"><a itemprop=\"url\" href=\"https:\/\/alubra.com.br\/site\/tela-mosqueteira\/\" target=\"_self\"><img itemprop=\"image\" src=\"https:\/\/alubra.com.br\/site\/wp-content\/uploads\/2022\/01\/blog-alubra.jpg\" \/><\/a><\/div><div class=\"q_masonry_blog_post_text\"><h5 itemprop=\"name\" class=\"q_masonry_blog_title entry_title\"><a itemprop=\"url\" href=\"https:\/\/alubra.com.br\/site\/tela-mosqueteira\/\">Tela Mosqueteira<\/a><\/h5><p itemprop=\"description\" class=\"q_masonry_blog_excerpt\">Quem acompanha nossas canais pode observar a grande quantidade de projetos no qual inclu\u00edmos as telas mosqueteiras nas esquadrias. \u00a0 Certos lugares ...<\/p><div class=\"q_masonry_blog_post_info\"><span itemprop=\"dateCreated\" class=\"time entry_date updated\">24 janeiro, 2022<meta itemprop=\"interactionCount\" content=\"UserComments: <?php echo get_comments_number(qode_get_page_id()); ?>\"\/><\/span><\/div><\/div><\/article><article  class='post-648 post type-post status-publish format-standard has-post-thumbnail hentry category-sem-categoria tag-amazonia tag-casas tag-construcao tag-design-de-interiores tag-espelhos tag-esquadrias-de-alto-padrao tag-esquadrias-de-aluminio tag-esquadrias-de-pvc tag-etnias-indigenas-brasileiras tag-imoveis tag-indios tag-indios-do-brasil tag-industria tag-natureza tag-paisagismo tag-portas-e-janelas tag-povos-da-floresta tag-preservacao tag-responsabilidade-social tag-sustentabilidade tag-vidros tag-yawanawa '><div class=\"q_masonry_blog_post_image\"><a itemprop=\"url\" href=\"https:\/\/alubra.com.br\/site\/alubra-yawanawa\/\" target=\"_self\"><img itemprop=\"image\" src=\"https:\/\/alubra.com.br\/site\/wp-content\/uploads\/2022\/01\/blog-alubra-1.jpg\" \/><\/a><\/div><div class=\"q_masonry_blog_post_text\"><h5 itemprop=\"name\" class=\"q_masonry_blog_title entry_title\"><a itemprop=\"url\" href=\"https:\/\/alubra.com.br\/site\/alubra-yawanawa\/\">Alubra Yawanaw\u00e1<\/a><\/h5><p itemprop=\"description\" class=\"q_masonry_blog_excerpt\">Alubra Yawanaw\u00e1. A nova campanha da\u00a0#Alubra\u00a0convida voc\u00ea para uma viagem junto a um dos povos origin\u00e1rios do nosso pa\u00eds, os Yawanaw\u00e1s. Somos ap...<\/p><div class=\"q_masonry_blog_post_info\"><span itemprop=\"dateCreated\" class=\"time entry_date updated\">13 janeiro, 2022<meta itemprop=\"interactionCount\" content=\"UserComments: <?php echo get_comments_number(qode_get_page_id()); ?>\"\/><\/span><\/div><\/div><\/article><article  class='post-645 post type-post status-publish format-standard has-post-thumbnail hentry category-sem-categoria tag-alubra tag-alubra-esquadrias tag-arquitetura tag-construcao-civil tag-esquadrias-de-alto-padrao tag-esquadrias-de-aluminio tag-esquadrias-de-pvc tag-fabrica-de-esquadrias-em-rio-grande-do-sul tag-guarda-corpo tag-melhores-empresas-de-esquadrias tag-melhores-esquadrias tag-normas-para-guarda-corpo tag-vantagens-da-esquadria-de-aluminio tag-vantagens-das-esquadrias-de-pvc tag-vidros-para-guarda-corpo '><div class=\"q_masonry_blog_post_image\"><a itemprop=\"url\" href=\"https:\/\/alubra.com.br\/site\/guarda-corpo\/\" target=\"_self\"><img itemprop=\"image\" src=\"https:\/\/alubra.com.br\/site\/wp-content\/uploads\/2021\/12\/guarda-corpo-blog.jpg\" \/><\/a><\/div><div class=\"q_masonry_blog_post_text\"><h5 itemprop=\"name\" class=\"q_masonry_blog_title entry_title\"><a itemprop=\"url\" href=\"https:\/\/alubra.com.br\/site\/guarda-corpo\/\">Guarda &#8211; Corpo<\/a><\/h5><p itemprop=\"description\" class=\"q_masonry_blog_excerpt\">Guarda &#8211; corpos, fique atento nas normas! O sucesso de uma instala\u00e7\u00e3o come\u00e7a no processo de medi\u00e7\u00e3o, defini\u00e7\u00e3o de folgas e elabora\u00e7\u00e3o d...<\/p><div class=\"q_masonry_blog_post_info\"><span itemprop=\"dateCreated\" class=\"time entry_date updated\">09 dezembro, 2021<meta itemprop=\"interactionCount\" content=\"UserComments: <?php echo get_comments_number(qode_get_page_id()); ?>\"\/><\/span><\/div><\/div><\/article><article  class='post-642 post type-post status-publish format-standard has-post-thumbnail hentry category-sem-categoria tag-a-melhor-esquadria tag-alto-padrao tag-alubra-esquadrias tag-arquitetura tag-casas-de-concreto tag-concreto-armada tag-concreto-e-esquadrias tag-esquadrias-de-aluminio tag-esquadrias-de-pvc tag-esquadrias-minimalistas tag-niemayer '><div class=\"q_masonry_blog_post_image\"><a itemprop=\"url\" href=\"https:\/\/alubra.com.br\/site\/concreto-sempre-atual\/\" target=\"_self\"><img itemprop=\"image\" src=\"https:\/\/alubra.com.br\/site\/wp-content\/uploads\/2021\/12\/casaconcreto-blog.jpg\" \/><\/a><\/div><div class=\"q_masonry_blog_post_text\"><h5 itemprop=\"name\" class=\"q_masonry_blog_title entry_title\"><a itemprop=\"url\" href=\"https:\/\/alubra.com.br\/site\/concreto-sempre-atual\/\">Concreto, sempre atual!<\/a><\/h5><p itemprop=\"description\" class=\"q_masonry_blog_excerpt\">Resistente, expressivo e com muitas possibilidades de uso, o concreto \u00e9 uma solu\u00e7\u00e3o construtiva forte e com muita identifica\u00e7\u00e3o na arquitetura br...<\/p><div class=\"q_masonry_blog_post_info\"><span itemprop=\"dateCreated\" class=\"time entry_date updated\">09 dezembro, 2021<meta itemprop=\"interactionCount\" content=\"UserComments: <?php echo get_comments_number(qode_get_page_id()); ?>\"\/><\/span><\/div><\/div><\/article><article  class='post-639 post type-post status-publish format-standard has-post-thumbnail hentry category-sem-categoria tag-alubra tag-alubra-esquadrias tag-areas-externas tag-arquitetura tag-caxias-do-sul tag-construcao-civil tag-decoracao tag-design tag-esquadrias-de-pvc tag-esquadrias-minimalistas tag-fabrica-de-esquadrias tag-paisagismo tag-pelotas tag-perfil-de-pvc tag-portas-e-janelas tag-porto-alegre tag-pvc tag-rio-grande-do-sul tag-santa-maria '><div class=\"q_masonry_blog_post_image\"><a itemprop=\"url\" href=\"https:\/\/alubra.com.br\/site\/beneficios-do-pvc\/\" target=\"_self\"><img itemprop=\"image\" src=\"https:\/\/alubra.com.br\/site\/wp-content\/uploads\/2021\/12\/blogalubragiu.jpg\" \/><\/a><\/div><div class=\"q_masonry_blog_post_text\"><h5 itemprop=\"name\" class=\"q_masonry_blog_title entry_title\"><a itemprop=\"url\" href=\"https:\/\/alubra.com.br\/site\/beneficios-do-pvc\/\">Benef\u00edcios do PVC<\/a><\/h5><p itemprop=\"description\" class=\"q_masonry_blog_excerpt\">As esquadrias de PVC oferecem diversos benef\u00edcios \u00e0s obras residenciais, sejam elas constru\u00e7\u00f5es de casas ou mesmo reformas. Suas benfeitorias envo...<\/p><div class=\"q_masonry_blog_post_info\"><span itemprop=\"dateCreated\" class=\"time entry_date updated\">09 dezembro, 2021<meta itemprop=\"interactionCount\" content=\"UserComments: <?php echo get_comments_number(qode_get_page_id()); ?>\"\/><\/span><\/div><\/div><\/article><article  class='post-632 post type-post status-publish format-standard has-post-thumbnail hentry category-sem-categoria tag-alto-padrao tag-alubra-esquadrias tag-arquitetura tag-campinas-decor tag-casacor tag-decor tag-decoracao tag-design-de-interiores tag-esquadrias-de-aluminio tag-esquadrias-de-pvc tag-esquadrias-rio-grande-do-sul tag-industria tag-mostras-de-arquitetura tag-neuroarquitetura tag-reforma tag-rio-grande-do-sul tag-tendencia-de-decoracao tag-vidro '><div class=\"q_masonry_blog_post_image\"><a itemprop=\"url\" href=\"https:\/\/alubra.com.br\/site\/mostras-valem-a-pena\/\" target=\"_self\"><img itemprop=\"image\" src=\"https:\/\/alubra.com.br\/site\/wp-content\/uploads\/2021\/11\/240662341_1917732731720884_262653989816146150_n.jpg\" \/><\/a><\/div><div class=\"q_masonry_blog_post_text\"><h5 itemprop=\"name\" class=\"q_masonry_blog_title entry_title\"><a itemprop=\"url\" href=\"https:\/\/alubra.com.br\/site\/mostras-valem-a-pena\/\">Mostras valem a pena?<\/a><\/h5><p itemprop=\"description\" class=\"q_masonry_blog_excerpt\">A participa\u00e7\u00e3o em mostras \u00e9 um dos principais requisitos para se manter atualizado a respeito de um mercado ou setor. No caso da constru\u00e7\u00e3o e......<\/p><div class=\"q_masonry_blog_post_info\"><span itemprop=\"dateCreated\" class=\"time entry_date updated\">18 novembro, 2021<meta itemprop=\"interactionCount\" content=\"UserComments: <?php echo get_comments_number(qode_get_page_id()); ?>\"\/><\/span><\/div><\/div><\/article><article  class='post-629 post type-post status-publish format-standard has-post-thumbnail hentry category-sem-categoria tag-alto-padrao tag-arquitetura tag-construcao tag-design-de-interiores tag-esquadrias-de-aluminio tag-esquadrias-de-pvc tag-fabrica tag-fachada-glazing tag-industria tag-pele-de-vidro tag-pele-de-vidro-em-residencias tag-perfil tag-portas-e-janelas tag-reforma tag-rio-grande-do-sul '><div class=\"q_masonry_blog_post_image\"><a itemprop=\"url\" href=\"https:\/\/alubra.com.br\/site\/pele-de-vidro\/\" target=\"_self\"><img itemprop=\"image\" src=\"https:\/\/alubra.com.br\/site\/wp-content\/uploads\/2021\/11\/pele-blog.jpg\" \/><\/a><\/div><div class=\"q_masonry_blog_post_text\"><h5 itemprop=\"name\" class=\"q_masonry_blog_title entry_title\"><a itemprop=\"url\" href=\"https:\/\/alubra.com.br\/site\/pele-de-vidro\/\">Pele de Vidro<\/a><\/h5><p itemprop=\"description\" class=\"q_masonry_blog_excerpt\">Voc\u00ea sabia que as fachadas em pele de vidro deixaram de ser grandes solu\u00e7\u00f5es t\u00e9cnicas e de design em projetos comerciais e invadiram as resid\u00eanci...<\/p><div class=\"q_masonry_blog_post_info\"><span itemprop=\"dateCreated\" class=\"time entry_date updated\">18 novembro, 2021<meta itemprop=\"interactionCount\" content=\"UserComments: <?php echo get_comments_number(qode_get_page_id()); ?>\"\/><\/span><\/div><\/div><\/article><article  class='post-626 post type-post status-publish format-standard has-post-thumbnail hentry category-sem-categoria tag-alto-padrao tag-arquitetura tag-casas-em-condominio tag-construcao tag-design-de-interiores tag-empreendimentos-verticais tag-esquadrias-de-aluminio tag-esquadrias-de-pvc tag-obra tag-reformas tag-rio-grande-do-sul tag-vidro-laminado '><div class=\"q_masonry_blog_post_image\"><a itemprop=\"url\" href=\"https:\/\/alubra.com.br\/site\/vidro-laminado\/\" target=\"_self\"><img itemprop=\"image\" src=\"https:\/\/alubra.com.br\/site\/wp-content\/uploads\/2021\/11\/laminado-blog.jpg\" \/><\/a><\/div><div class=\"q_masonry_blog_post_text\"><h5 itemprop=\"name\" class=\"q_masonry_blog_title entry_title\"><a itemprop=\"url\" href=\"https:\/\/alubra.com.br\/site\/vidro-laminado\/\">Vidro Laminado<\/a><\/h5><p itemprop=\"description\" class=\"q_masonry_blog_excerpt\">A Alubra \u00e9 incans\u00e1vel no treinamento de seus profissionais para melhor atender nossos clientes, por isso, uma quest\u00e3o fundamental para alcan\u00e7ar o ...<\/p><div class=\"q_masonry_blog_post_info\"><span itemprop=\"dateCreated\" class=\"time entry_date updated\">18 novembro, 2021<meta itemprop=\"interactionCount\" content=\"UserComments: <?php echo get_comments_number(qode_get_page_id()); ?>\"\/><\/span><\/div><\/div><\/article><article  class='post-623 post type-post status-publish format-standard has-post-thumbnail hentry category-sem-categoria tag-arquitetura tag-construcao tag-construcao-civil tag-empreendimentos tag-esquadrias tag-esquadrias-de-aluminio tag-esquadrias-de-pvc tag-esquadrias-minimalistas tag-fabrica tag-obras tag-vidros '><div class=\"q_masonry_blog_post_image\"><a itemprop=\"url\" href=\"https:\/\/alubra.com.br\/site\/em-tempo-real\/\" target=\"_self\"><img itemprop=\"image\" src=\"https:\/\/alubra.com.br\/site\/wp-content\/uploads\/2021\/11\/tempo-real.jpg\" \/><\/a><\/div><div class=\"q_masonry_blog_post_text\"><h5 itemprop=\"name\" class=\"q_masonry_blog_title entry_title\"><a itemprop=\"url\" href=\"https:\/\/alubra.com.br\/site\/em-tempo-real\/\">Em Tempo Real<\/a><\/h5><p itemprop=\"description\" class=\"q_masonry_blog_excerpt\">A Alubra\u00a0vem sempre se modernizando e \u00e0 partir de agora todos os clientes podem acompanhar o desenvolvimento de seu produto em tempo real. J\u00e1 imagi...<\/p><div class=\"q_masonry_blog_post_info\"><span itemprop=\"dateCreated\" class=\"time entry_date updated\">03 novembro, 2021<meta itemprop=\"interactionCount\" content=\"UserComments: <?php echo get_comments_number(qode_get_page_id()); ?>\"\/><\/span><\/div><\/div><\/article><article  class='post-620 post type-post status-publish format-standard has-post-thumbnail hentry category-sem-categoria tag-arquitetura tag-casacor tag-design-de-interiores tag-esquadrias-de-aluminio tag-esquadrias-de-pvc tag-kommerling-brasil tag-modelo-vidros tag-mostra-de-arquitetura tag-portas-e-janelas '><div class=\"q_masonry_blog_post_image\"><a itemprop=\"url\" href=\"https:\/\/alubra.com.br\/site\/melhores-juntos\/\" target=\"_self\"><img itemprop=\"image\" src=\"https:\/\/alubra.com.br\/site\/wp-content\/uploads\/2021\/10\/alkblog.jpg\" \/><\/a><\/div><div class=\"q_masonry_blog_post_text\"><h5 itemprop=\"name\" class=\"q_masonry_blog_title entry_title\"><a itemprop=\"url\" href=\"https:\/\/alubra.com.br\/site\/melhores-juntos\/\">Melhores Juntos<\/a><\/h5><p itemprop=\"description\" class=\"q_masonry_blog_excerpt\">Juntos sempre somos melhores! Esta \u00e9 uma filosofia que a\u00a0#Alubra\u00a0exercita diariamente com todos os nossos colaboradores, parceiros e clientes. A Mo...<\/p><div class=\"q_masonry_blog_post_info\"><span itemprop=\"dateCreated\" class=\"time entry_date updated\">28 outubro, 2021<meta itemprop=\"interactionCount\" content=\"UserComments: <?php echo get_comments_number(qode_get_page_id()); ?>\"\/><\/span><\/div><\/div><\/article><article  class='post-608 post type-post status-publish format-standard has-post-thumbnail hentry category-sem-categoria tag-alubra tag-alubra-esquadrias tag-aluminio tag-arquitetura tag-construcao-civil tag-design-de-interiores tag-esquadrias-de-aluminio tag-esquadrias-de-pvc tag-fabricas-de-esquadrias tag-indice-de-felicidade tag-melhores-esquadrias-do-mercado tag-portas-e-janelas tag-pvc '><div class=\"q_masonry_blog_post_image\"><a itemprop=\"url\" href=\"https:\/\/alubra.com.br\/site\/indice-de-felicidade\/\" target=\"_self\"><img itemprop=\"image\" src=\"https:\/\/alubra.com.br\/site\/wp-content\/uploads\/2021\/10\/if.jpg\" \/><\/a><\/div><div class=\"q_masonry_blog_post_text\"><h5 itemprop=\"name\" class=\"q_masonry_blog_title entry_title\"><a itemprop=\"url\" href=\"https:\/\/alubra.com.br\/site\/indice-de-felicidade\/\">\u00cdndice de Felicidade<\/a><\/h5><p itemprop=\"description\" class=\"q_masonry_blog_excerpt\">O FIB (Felicidade Interna Bruta) \u00e9 um novo indicador da Organiza\u00e7\u00e3o das Na\u00e7\u00f5es Unidas criado como uma forma de complementar a medidas j\u00e1 tradici...<\/p><div class=\"q_masonry_blog_post_info\"><span itemprop=\"dateCreated\" class=\"time entry_date updated\">07 outubro, 2021<meta itemprop=\"interactionCount\" content=\"UserComments: <?php echo get_comments_number(qode_get_page_id()); ?>\"\/><\/span><\/div><\/div><\/article><article  class='post-598 post type-post status-publish format-standard has-post-thumbnail hentry category-sem-categoria tag-aluminio tag-arquitetura tag-casacor tag-casacor-rio-grande-do-sul tag-design-de-interiores tag-esquadrias-de-aluminio tag-esquadrias-de-pvc tag-esquadrias-minimalistas tag-industria-de-esquadrias tag-portas-e-janelas tag-pvc tag-vidros-refletivos '><div class=\"q_masonry_blog_post_image\"><a itemprop=\"url\" href=\"https:\/\/alubra.com.br\/site\/alubra-e-arquitetura\/\" target=\"_self\"><img itemprop=\"image\" src=\"https:\/\/alubra.com.br\/site\/wp-content\/uploads\/2021\/10\/casacor-blog.jpg\" \/><\/a><\/div><div class=\"q_masonry_blog_post_text\"><h5 itemprop=\"name\" class=\"q_masonry_blog_title entry_title\"><a itemprop=\"url\" href=\"https:\/\/alubra.com.br\/site\/alubra-e-arquitetura\/\">Alubra \u00e9 Arquitetura<\/a><\/h5><p itemprop=\"description\" class=\"q_masonry_blog_excerpt\">Os executivos da Alubra, Felipe Brandalise e Emanuel Brandalise, estiveram conferindo esta semana a Mostra Casacor 2021 e prestigiando os ambientes de...<\/p><div class=\"q_masonry_blog_post_info\"><span itemprop=\"dateCreated\" class=\"time entry_date updated\">07 outubro, 2021<meta itemprop=\"interactionCount\" content=\"UserComments: <?php echo get_comments_number(qode_get_page_id()); ?>\"\/><\/span><\/div><\/div><\/article><article  class='post-593 post type-post status-publish format-standard has-post-thumbnail hentry category-sem-categoria tag-alubra tag-alubra-esquadrias tag-arquitetura tag-casacor tag-casacor-rio-grande-do-sul tag-decoracao tag-design tag-design-de-interiores tag-esquadrias tag-esquadrias-de-aluminio tag-mostra tag-porto-alegre tag-rio-grande-do-sul '><div class=\"q_masonry_blog_post_image\"><a itemprop=\"url\" href=\"https:\/\/alubra.com.br\/site\/alubra-casacor-2021\/\" target=\"_self\"><img itemprop=\"image\" src=\"https:\/\/alubra.com.br\/site\/wp-content\/uploads\/2021\/09\/blog-erika.jpg\" \/><\/a><\/div><div class=\"q_masonry_blog_post_text\"><h5 itemprop=\"name\" class=\"q_masonry_blog_title entry_title\"><a itemprop=\"url\" href=\"https:\/\/alubra.com.br\/site\/alubra-casacor-2021\/\">Home Office Casacor<\/a><\/h5><p itemprop=\"description\" class=\"q_masonry_blog_excerpt\">Um ambiente especial no Casacor 2021 A arquiteta Erika Listo conceitua seu trabalho como cl\u00e1ssico contempor\u00e2neo. Projetos elegantes, atemporais e ac...<\/p><div class=\"q_masonry_blog_post_info\"><span itemprop=\"dateCreated\" class=\"time entry_date updated\">30 setembro, 2021<meta itemprop=\"interactionCount\" content=\"UserComments: <?php echo get_comments_number(qode_get_page_id()); ?>\"\/><\/span><\/div><\/div><\/article><article  class='post-588 post type-post status-publish format-standard has-post-thumbnail hentry category-sem-categoria tag-a-melhor-esquadria tag-alubra tag-alubra-esquadrias tag-arquitetura tag-artesanal tag-caxias-do-sul tag-design tag-esquadrias tag-esquadrias-de-aluminio tag-esquadrias-de-pvc tag-industria tag-pelotas tag-portas-e-janelas tag-pvc tag-rio-grande-do-sul tag-santa-maria-rs '><div class=\"q_masonry_blog_post_image\"><a itemprop=\"url\" href=\"https:\/\/alubra.com.br\/site\/industrial-e-artesanal\/\" target=\"_self\"><img itemprop=\"image\" src=\"https:\/\/alubra.com.br\/site\/wp-content\/uploads\/2021\/09\/indart-alubra-blog.jpg\" \/><\/a><\/div><div class=\"q_masonry_blog_post_text\"><h5 itemprop=\"name\" class=\"q_masonry_blog_title entry_title\"><a itemprop=\"url\" href=\"https:\/\/alubra.com.br\/site\/industrial-e-artesanal\/\">Industrial e Artesanal<\/a><\/h5><p itemprop=\"description\" class=\"q_masonry_blog_excerpt\">O processo industrial foi criado para agilizar a produ\u00e7\u00e3o das mercadorias, pois cada setor em uma ind\u00fastria \u00e9 respons\u00e1vel por executar uma fun\u00e7?...<\/p><div class=\"q_masonry_blog_post_info\"><span itemprop=\"dateCreated\" class=\"time entry_date updated\">27 setembro, 2021<meta itemprop=\"interactionCount\" content=\"UserComments: <?php echo get_comments_number(qode_get_page_id()); ?>\"\/><\/span><\/div><\/div><\/article><article  class='post-578 post type-post status-publish format-standard has-post-thumbnail hentry category-sem-categoria tag-arquitetura tag-casacor tag-casacro-riogrande-do-sul tag-design-de-interiores tag-esquadrias-alubra-esquadrias tag-esquadrias-em-pvc tag-industria-de-esquadrias tag-melhores-empresas-de-esquadrias tag-mostra tag-mostra-de-arquitetura tag-polido-arquitetura '><div class=\"q_masonry_blog_post_image\"><a itemprop=\"url\" href=\"https:\/\/alubra.com.br\/site\/alubra-na-casacor-rs\/\" target=\"_self\"><img itemprop=\"image\" src=\"https:\/\/alubra.com.br\/site\/wp-content\/uploads\/2021\/09\/polido-blog.jpg\" \/><\/a><\/div><div class=\"q_masonry_blog_post_text\"><h5 itemprop=\"name\" class=\"q_masonry_blog_title entry_title\"><a itemprop=\"url\" href=\"https:\/\/alubra.com.br\/site\/alubra-na-casacor-rs\/\">Polido Arquitetura<\/a><\/h5><p itemprop=\"description\" class=\"q_masonry_blog_excerpt\">Que tal conhecer um pouco sobre a trajet\u00f3ria e vis\u00e3o do arquiteto Marcelo Polido? Formado em 1987, comanda ao lado da designer Ana Hnszel a......<\/p><div class=\"q_masonry_blog_post_info\"><span itemprop=\"dateCreated\" class=\"time entry_date updated\">21 setembro, 2021<meta itemprop=\"interactionCount\" content=\"UserComments: <?php echo get_comments_number(qode_get_page_id()); ?>\"\/><\/span><\/div><\/div><\/article><article  class='post-574 post type-post status-publish format-standard has-post-thumbnail hentry category-sem-categoria tag-arquitetura tag-casacor tag-casacor-riogrande-do-sul tag-clinicas tag-decoracao tag-design tag-design-de-interiores tag-esquadrias tag-esquadrias-certas tag-esquadrias-de-aluminio tag-esquadrias-de-pvc tag-fabrica-de-esquadrias tag-hospitais tag-industria-de-esquadrias tag-mostra-de-arquitetura tag-paisagismo tag-residenciais tag-vidros '><div class=\"q_masonry_blog_post_image\"><a itemprop=\"url\" href=\"https:\/\/alubra.com.br\/site\/alubra-em-mais-uma-mostra-de-arquitetura\/\" target=\"_self\"><img itemprop=\"image\" src=\"https:\/\/alubra.com.br\/site\/wp-content\/uploads\/2021\/09\/erika-blog.jpg\" \/><\/a><\/div><div class=\"q_masonry_blog_post_text\"><h5 itemprop=\"name\" class=\"q_masonry_blog_title entry_title\"><a itemprop=\"url\" href=\"https:\/\/alubra.com.br\/site\/alubra-em-mais-uma-mostra-de-arquitetura\/\">Erika Listo Arquitetura<\/a><\/h5><p itemprop=\"description\" class=\"q_masonry_blog_excerpt\">A #alubra estar\u00e1 presente em mais uma grande mostra de arquitetura do pa\u00eds! Em parceria com a arquiteta Erika Listo, personalizamos esquadrias para ...<\/p><div class=\"q_masonry_blog_post_info\"><span itemprop=\"dateCreated\" class=\"time entry_date updated\">14 setembro, 2021<meta itemprop=\"interactionCount\" content=\"UserComments: <?php echo get_comments_number(qode_get_page_id()); ?>\"\/><\/span><\/div><\/div><\/article><article  class='post-571 post type-post status-publish format-standard has-post-thumbnail hentry category-sem-categoria tag-aluminio tag-arquitetura tag-design tag-esquadrias tag-esquadrias-de-aluminio tag-esquadrias-de-pvc tag-industria tag-industria-de-esuqadrias tag-perfil-de-pvc tag-portas-e-janelas tag-vidros-de-seguranca tag-vidros-duplos tag-vidros-insulados tag-vidros-laminados tag-vidros-refletivos tag-vidros-temperados '><div class=\"q_masonry_blog_post_image\"><a itemprop=\"url\" href=\"https:\/\/alubra.com.br\/site\/parceria-modelo-vidros\/\" target=\"_self\"><img itemprop=\"image\" src=\"https:\/\/alubra.com.br\/site\/wp-content\/uploads\/2021\/09\/modelo-blog.jpg\" \/><\/a><\/div><div class=\"q_masonry_blog_post_text\"><h5 itemprop=\"name\" class=\"q_masonry_blog_title entry_title\"><a itemprop=\"url\" href=\"https:\/\/alubra.com.br\/site\/parceria-modelo-vidros\/\">Parceria Modelo Vidros<\/a><\/h5><p itemprop=\"description\" class=\"q_masonry_blog_excerpt\">Neste m\u00eas de Setembro a\u00a0Alubra\u00a0trar\u00e1 muitas novidades para o mercado em a\u00e7\u00f5es e parcerias inovadoras. A Modelo Vidros\u00a0\u00e9 um dos parceiros que e...<\/p><div class=\"q_masonry_blog_post_info\"><span itemprop=\"dateCreated\" class=\"time entry_date updated\">02 setembro, 2021<meta itemprop=\"interactionCount\" content=\"UserComments: <?php echo get_comments_number(qode_get_page_id()); ?>\"\/><\/span><\/div><\/div><\/article><article  class='post-566 post type-post status-publish format-standard has-post-thumbnail hentry category-sem-categoria tag-alubra-esquadrias tag-arquitetura tag-construcao-civil tag-design tag-empreendimentos tag-esquadrias tag-esquadrias-de-aluminio tag-esquadrias-de-pvc tag-industria tag-inovacao tag-janelas tag-obras tag-portas tag-pvc tag-sinduscon tag-tecnologia '><div class=\"q_masonry_blog_post_image\"><a itemprop=\"url\" href=\"https:\/\/alubra.com.br\/site\/alubra-e-sinduscon-caxias-do-sul\/\" target=\"_self\"><img itemprop=\"image\" src=\"https:\/\/alubra.com.br\/site\/wp-content\/uploads\/2021\/09\/sindus.jpg\" \/><\/a><\/div><div class=\"q_masonry_blog_post_text\"><h5 itemprop=\"name\" class=\"q_masonry_blog_title entry_title\"><a itemprop=\"url\" href=\"https:\/\/alubra.com.br\/site\/alubra-e-sinduscon-caxias-do-sul\/\">Sinduscon Caxias<\/a><\/h5><p itemprop=\"description\" class=\"q_masonry_blog_excerpt\">A Alubra \u00e9 uma empresa que est\u00e1 sempre empenhada no crescimento do segmento da constru\u00e7\u00e3o civil, por isso \u00e9 atuante junto aos \u00f3rg\u00e3os que repres...<\/p><div class=\"q_masonry_blog_post_info\"><span itemprop=\"dateCreated\" class=\"time entry_date updated\">02 setembro, 2021<meta itemprop=\"interactionCount\" content=\"UserComments: <?php echo get_comments_number(qode_get_page_id()); ?>\"\/><\/span><\/div><\/div><\/article><article  class='post-557 post type-post status-publish format-standard has-post-thumbnail hentry category-sem-categoria tag-arquitetura tag-construcao-civil tag-design tag-empreendimentos tag-empresas-de-esquadrias tag-esquadrias tag-esquadrias-pretas tag-esquadriasdealuminio tag-esquadriasempvc tag-fabricadeesquadrias tag-melhores-esquadrias tag-obras-residenciais tag-portas-e-janelas tag-preto-na-arquitetura '><div class=\"q_masonry_blog_post_image\"><a itemprop=\"url\" href=\"https:\/\/alubra.com.br\/site\/preto-nas-esquadrias-e-arquitetura\/\" target=\"_self\"><img itemprop=\"image\" src=\"https:\/\/alubra.com.br\/site\/wp-content\/uploads\/2021\/08\/preto-esquadrias.jpg\" \/><\/a><\/div><div class=\"q_masonry_blog_post_text\"><h5 itemprop=\"name\" class=\"q_masonry_blog_title entry_title\"><a itemprop=\"url\" href=\"https:\/\/alubra.com.br\/site\/preto-nas-esquadrias-e-arquitetura\/\">Preto nas Esquadrias<\/a><\/h5><p itemprop=\"description\" class=\"q_masonry_blog_excerpt\">A cor preta \u00e9 \u00f3tima para criar contrastes ou valorizar detalhes. Ambientes totalmente pretos podem deixar o espa\u00e7o carregado tornando-o desconfort?...<\/p><div class=\"q_masonry_blog_post_info\"><span itemprop=\"dateCreated\" class=\"time entry_date updated\">27 agosto, 2021<meta itemprop=\"interactionCount\" content=\"UserComments: <?php echo get_comments_number(qode_get_page_id()); ?>\"\/><\/span><\/div><\/div><\/article><article  class='post-525 post type-post status-publish format-standard has-post-thumbnail hentry category-sem-categoria tag-alubra tag-alubra-esquadrias tag-aluminio tag-arquitetura tag-casas tag-construcao-civil tag-design tag-esquadrias-em-aluminio tag-esquadriasempvc tag-fabrica-de-esquadrias tag-obra '><div class=\"q_masonry_blog_post_image\"><a itemprop=\"url\" href=\"https:\/\/alubra.com.br\/site\/responsabilidade-social\/\" target=\"_self\"><img itemprop=\"image\" src=\"https:\/\/alubra.com.br\/site\/wp-content\/uploads\/2021\/08\/fot-div-2.jpg\" \/><\/a><\/div><div class=\"q_masonry_blog_post_text\"><h5 itemprop=\"name\" class=\"q_masonry_blog_title entry_title\"><a itemprop=\"url\" href=\"https:\/\/alubra.com.br\/site\/responsabilidade-social\/\">Responsabilidade Social<\/a><\/h5><p itemprop=\"description\" class=\"q_masonry_blog_excerpt\">Um dos compromissos da Alubra \u00e9 com a responsabilidade social.\u2800 Recentemente, realizamos uma a\u00e7\u00e3o junto \u00e0 Escola San Gennaro, localizada em um d...<\/p><div class=\"q_masonry_blog_post_info\"><span itemprop=\"dateCreated\" class=\"time entry_date updated\">26 agosto, 2021<meta itemprop=\"interactionCount\" content=\"UserComments: <?php echo get_comments_number(qode_get_page_id()); ?>\"\/><\/span><\/div><\/div><\/article><article  class='post-491 post type-post status-publish format-standard has-post-thumbnail hentry category-sem-categoria tag-aluminio tag-arquitetura tag-construcao-civil tag-design tag-design-de-interiores tag-esquadrias tag-fabrica-de-esquadrias tag-industria tag-moda-e-arquitetura tag-portas-e-janelas tag-pvc '><div class=\"q_masonry_blog_post_image\"><a itemprop=\"url\" href=\"https:\/\/alubra.com.br\/site\/alubra-new-wave\/\" target=\"_self\"><img itemprop=\"image\" src=\"https:\/\/alubra.com.br\/site\/wp-content\/uploads\/2021\/08\/Alubra-News-Wave2.jpg\" \/><\/a><\/div><div class=\"q_masonry_blog_post_text\"><h5 itemprop=\"name\" class=\"q_masonry_blog_title entry_title\"><a itemprop=\"url\" href=\"https:\/\/alubra.com.br\/site\/alubra-new-wave\/\">Alubra New Wave<\/a><\/h5><p itemprop=\"description\" class=\"q_masonry_blog_excerpt\">Baseada no &#8220;NEW WAVE&#8221; da d\u00e9cada de 80, convidamos voc\u00ea para uma viagem que relaciona a influ\u00eancia deste movimento musical, comportament...<\/p><div class=\"q_masonry_blog_post_info\"><span itemprop=\"dateCreated\" class=\"time entry_date updated\">26 agosto, 2021<meta itemprop=\"interactionCount\" content=\"UserComments: <?php echo get_comments_number(qode_get_page_id()); ?>\"\/><\/span><\/div><\/div><\/article><article  class='post-495 post type-post status-publish format-standard has-post-thumbnail hentry category-sem-categoria tag-alubra tag-alubra-esquadrias tag-apartamentos tag-arquitetura tag-casas tag-construcao-civil tag-design-de-interiores tag-esquadrias tag-esquadrias-em-aluminio tag-esquadriasempvc tag-obra tag-portas-e-janelas tag-pvc tag-reformas '><div class=\"q_masonry_blog_post_image\"><a itemprop=\"url\" href=\"https:\/\/alubra.com.br\/site\/raizes-alubra\/\" target=\"_self\"><img itemprop=\"image\" src=\"https:\/\/alubra.com.br\/site\/wp-content\/uploads\/2021\/08\/pam-blog-1.jpg\" \/><\/a><\/div><div class=\"q_masonry_blog_post_text\"><h5 itemprop=\"name\" class=\"q_masonry_blog_title entry_title\"><a itemprop=\"url\" href=\"https:\/\/alubra.com.br\/site\/raizes-alubra\/\">Ra\u00edzes Alubra<\/a><\/h5><p itemprop=\"description\" class=\"q_masonry_blog_excerpt\">Sim! Produzimos esquadrias de pvc e alum\u00ednio com a mais avan\u00e7ada tecnologia do mundo. Mas sempre mantendo o olhar nas nossas origens. Simplesmente p...<\/p><div class=\"q_masonry_blog_post_info\"><span itemprop=\"dateCreated\" class=\"time entry_date updated\">26 agosto, 2021<meta itemprop=\"interactionCount\" content=\"UserComments: <?php echo get_comments_number(qode_get_page_id()); ?>\"\/><\/span><\/div><\/div><\/article><\/div>[vc_empty_space height=&#8221;10px&#8221;][\/vc_column][\/vc_row]<\/p>\n","protected":false},"excerpt":{"rendered":"<p>[vc_row css_animation=&#8221;&#8221; row_type=&#8221;row&#8221; use_row_as_full_screen_section=&#8221;no&#8221; type=&#8221;grid&#8221; angled_section=&#8221;no&#8221; text_align=&#8221;left&#8221; background_image_as_pattern=&#8221;without_pattern&#8221; z_index=&#8221;&#8221;][vc_column][vc_empty_space height=&#8221;10px&#8221;][\/vc_column][\/vc_row]<\/p>\n","protected":false},"author":1,"featured_media":0,"parent":0,"menu_order":0,"comment_status":"closed","ping_status":"open","template":"full_width.php","meta":[],"_links":{"self":[{"href":"https:\/\/alubra.com.br\/site\/wp-json\/wp\/v2\/pages\/310"}],"collection":[{"href":"https:\/\/alubra.com.br\/site\/wp-json\/wp\/v2\/pages"}],"about":[{"href":"https:\/\/alubra.com.br\/site\/wp-json\/wp\/v2\/types\/page"}],"author":[{"embeddable":true,"href":"https:\/\/alubra.com.br\/site\/wp-json\/wp\/v2\/users\/1"}],"replies":[{"embeddable":true,"href":"https:\/\/alubra.com.br\/site\/wp-json\/wp\/v2\/comments?post=310"}],"version-history":[{"count":8,"href":"https:\/\/alubra.com.br\/site\/wp-json\/wp\/v2\/pages\/310\/revisions"}],"predecessor-version":[{"id":619,"href":"https:\/\/alubra.com.br\/site\/wp-json\/wp\/v2\/pages\/310\/revisions\/619"}],"wp:attachment":[{"href":"https:\/\/alubra.com.br\/site\/wp-json\/wp\/v2\/media?parent=310"}],"curies":[{"name":"wp","href":"https:\/\/api.w.org\/{rel}","templated":true}]}}